{"id":488767,"date":"2022-11-02T17:55:29","date_gmt":"2022-11-02T17:55:29","guid":{"rendered":"https:\/\/inspire.vaude.com\/?page_id=488767"},"modified":"2022-11-04T18:36:42","modified_gmt":"2022-11-04T18:36:42","slug":"highlight-w23-45012","status":"publish","type":"page","link":"https:\/\/inspire.vaude.com\/nl\/highlight-w23-45012\/","title":{"rendered":"45012 Men&#8217;s Valsorda 3in1 Jacket"},"content":{"rendered":"<p>[et_pb_section fb_built=&#8221;1&#8243; _builder_version=&#8221;4.9.4&#8243; _module_preset=&#8221;default&#8221; custom_padding=&#8221;||0px|||&#8221; global_module=&#8221;489131&#8243;][et_pb_row _builder_version=&#8221;4.9.4&#8243; _module_preset=&#8221;default&#8221;][et_pb_column type=&#8221;4_4&#8243; _builder_version=&#8221;4.9.4&#8243; _module_preset=&#8221;default&#8221;][et_pb_button button_url=&#8221;https:\/\/inspire.vaude.com\/nl\/highlights-herfst-winter-2023-24\/&#8221; button_text=&#8221;All Highlights&#8221; button_alignment=&#8221;right&#8221; _builder_version=&#8221;4.9.4&#8243; _module_preset=&#8221;default&#8221; custom_button=&#8221;on&#8221; button_text_size=&#8221;14px&#8221; button_bg_color=&#8221;#4d4139&#8243; button_border_width=&#8221;0px&#8221; button_border_color=&#8221;RGBA(0,0,0,0)&#8221; button_border_radius=&#8221;3px&#8221; button_font=&#8221;|||on|||||&#8221; button_use_icon=&#8221;off&#8221; background_layout=&#8221;dark&#8221;][\/et_pb_button][\/et_pb_column][\/et_pb_row][\/et_pb_section][et_pb_section fb_built=&#8221;1&#8243; _builder_version=&#8221;4.9.4&#8243; _module_preset=&#8221;default&#8221; custom_margin=&#8221;||-30px|||&#8221; custom_padding=&#8221;||0px|||&#8221;][et_pb_row padding_mobile=&#8221;off&#8221; column_padding_mobile=&#8221;on&#8221; _builder_version=&#8221;3.25&#8243; background_size=&#8221;initial&#8221; background_position=&#8221;top_left&#8221; background_repeat=&#8221;repeat&#8221; min_height=&#8221;134px&#8221; custom_css_main_element=&#8221; padding-bottom: 5px;&#8221;][et_pb_column type=&#8221;4_4&#8243; _builder_version=&#8221;3.25&#8243; custom_padding=&#8221;||2px|&#8221; custom_padding__hover=&#8221;|||&#8221;][et_pb_divider show_divider=&#8221;off&#8221; disabled_on=&#8221;on|off|off&#8221; _builder_version=&#8221;4.9.4&#8243; _module_preset=&#8221;default&#8221; custom_padding=&#8221;1px|||||&#8221;][\/et_pb_divider][et_pb_text _builder_version=&#8221;4.9.4&#8243; _module_preset=&#8221;default&#8221; header_line_height=&#8221;1.5em&#8221; custom_margin=&#8221;||41px|||&#8221;]<\/p>\n<h1 style=\"text-align: center;\"><strong><span style=\"font-size: xx-large;\">Men&#8217;s Valsorda 3in1 Jacket<br \/><\/span><\/strong><\/h1>\n<p>[\/et_pb_text][\/et_pb_column][\/et_pb_row][et_pb_row column_structure=&#8221;1_2,1_2&#8243; _builder_version=&#8221;4.9.4&#8243; _module_preset=&#8221;default&#8221; custom_css_main_element=&#8221;display:flex;||flex-wrap:wrap;&#8221; custom_css_before_last_edited=&#8221;on|phone&#8221;][et_pb_column type=&#8221;1_2&#8243; _builder_version=&#8221;4.9.4&#8243; _module_preset=&#8221;default&#8221;][et_pb_image src=&#8221;https:\/\/inspire.vaude.com\/wp-content\/uploads\/2022\/11\/W23_OS_TH_M03_1H_L_d_22.png&#8221; alt=&#8221;Men&#8217;s Valsorda 3in1 Jacket &#8211; Model&#8221; title_text=&#8221;Men&#8217;s Valsorda 3in1 Jacket &#8211; Model&#8221; _builder_version=&#8221;4.9.4&#8243; _module_preset=&#8221;default&#8221;][\/et_pb_image][\/et_pb_column][et_pb_column type=&#8221;1_2&#8243; _builder_version=&#8221;4.9.4&#8243; _module_preset=&#8221;default&#8221;][et_pb_divider show_divider=&#8221;off&#8221; _builder_version=&#8221;4.9.4&#8243; _module_preset=&#8221;default&#8221; min_height=&#8221;180px&#8221; min_height_tablet=&#8221;60px&#8221; min_height_phone=&#8221;10px&#8221; min_height_last_edited=&#8221;on|desktop&#8221; height=&#8221;180px&#8221; height_tablet=&#8221;60px&#8221; height_phone=&#8221;10px&#8221; height_last_edited=&#8221;on|phone&#8221; max_height=&#8221;180px&#8221; max_height_tablet=&#8221;60px&#8221; max_height_phone=&#8221;10px&#8221; max_height_last_edited=&#8221;on|tablet&#8221; custom_padding=&#8221;||0px|||&#8221;][\/et_pb_divider][et_pb_text _builder_version=&#8221;4.9.4&#8243; _module_preset=&#8221;default&#8221; header_2_line_height=&#8221;1.5em&#8221; custom_css_before_last_edited=&#8221;on|desktop&#8221;]<\/p>\n<h2 style=\"text-align: center;\"><strong><span style=\"font-size: xx-large;\">Kleine verpakking, groot toepassingsgebied. De 3in1 jas voor minimalisten.<\/span><span style=\"font-size: xx-large;\"><br \/><\/span><\/strong><\/h2>\n<p>[\/et_pb_text][\/et_pb_column][\/et_pb_row][et_pb_row column_structure=&#8221;1_2,1_2&#8243; _builder_version=&#8221;4.9.4&#8243; _module_preset=&#8221;default&#8221; custom_padding=&#8221;0px|||||&#8221; custom_css_main_element_last_edited=&#8221;on|tablet&#8221; custom_css_main_element_phone=&#8221;display:flex;||flex-wrap:wrap;&#8221; custom_css_main_element_tablet=&#8221;display:flex;||flex-wrap:wrap;&#8221;][et_pb_column type=&#8221;1_2&#8243; _builder_version=&#8221;4.9.4&#8243; _module_preset=&#8221;default&#8221; custom_css_before_last_edited=&#8221;on|phone&#8221; custom_css_main_element_last_edited=&#8221;on|desktop&#8221; custom_css_main_element_phone=&#8221;order:2;&#8221; custom_css_main_element_tablet=&#8221;order:2;&#8221;][et_pb_divider show_divider=&#8221;off&#8221; _builder_version=&#8221;4.9.4&#8243; _module_preset=&#8221;default&#8221; min_height=&#8221;180px&#8221; min_height_tablet=&#8221;60px&#8221; min_height_phone=&#8221;10px&#8221; min_height_last_edited=&#8221;on|desktop&#8221; height=&#8221;180px&#8221; height_tablet=&#8221;60px&#8221; height_phone=&#8221;10px&#8221; height_last_edited=&#8221;on|phone&#8221; max_height=&#8221;180px&#8221; max_height_tablet=&#8221;60px&#8221; max_height_phone=&#8221;10px&#8221; max_height_last_edited=&#8221;on|tablet&#8221; custom_padding=&#8221;||0px|||&#8221;][\/et_pb_divider][et_pb_text _builder_version=&#8221;4.9.4&#8243; _module_preset=&#8221;default&#8221; header_2_line_height=&#8221;1.5em&#8221; custom_margin=&#8221;||4px|||&#8221; custom_css_main_element_last_edited=&#8221;on|phone&#8221; custom_css_main_element_phone=&#8221;Line-height: 1.5 !important;&#8221; custom_css_main_element_tablet=&#8221;Line-height: 1.5 !important;&#8221;]<\/p>\n<h2 style=\"text-align: center;\"><strong><span style=\"font-size: xx-large;\">Water- en winddichte 2,5-laags buitenjas houdt regen en sneeuw betrouwbaar buiten.<\/span><\/strong><\/h2>\n<p>[\/et_pb_text][\/et_pb_column][et_pb_column type=&#8221;1_2&#8243; _builder_version=&#8221;4.9.4&#8243; _module_preset=&#8221;default&#8221; custom_css_before_last_edited=&#8221;on|desktop&#8221; custom_css_main_element_last_edited=&#8221;on|tablet&#8221; custom_css_main_element_phone=&#8221;order:1;&#8221; custom_css_main_element_tablet=&#8221;order:1;&#8221;][et_pb_image src=&#8221;https:\/\/inspire.vaude.com\/wp-content\/uploads\/2022\/11\/W23_OS_TH_M03_1H_L_d_15.png&#8221; alt=&#8221;Men&#8217;s Valsorda 3in1 Jacket &#8211; Wind&#8221; title_text=&#8221;Men&#8217;s Valsorda 3in1 Jacket &#8211; Wind&#8221; _builder_version=&#8221;4.9.4&#8243; _module_preset=&#8221;default&#8221; custom_css_main_element_last_edited=&#8221;on|phone&#8221; custom_css_main_element_phone=&#8221;order:1;&#8221;][\/et_pb_image][\/et_pb_column][\/et_pb_row][\/et_pb_section][et_pb_section fb_built=&#8221;1&#8243; _builder_version=&#8221;4.9.4&#8243; _module_preset=&#8221;default&#8221; min_height=&#8221;650.7px&#8221; custom_padding=&#8221;||0px|||&#8221;][et_pb_row column_structure=&#8221;1_2,1_2&#8243; _builder_version=&#8221;4.9.4&#8243; _module_preset=&#8221;default&#8221; min_height=&#8221;499.9px&#8221; custom_padding=&#8221;||7px|||&#8221; custom_css_main_element_last_edited=&#8221;on|phone&#8221; custom_css_main_element_phone=&#8221;display:flex;||flex-wrap:wrap;&#8221;][et_pb_column type=&#8221;1_2&#8243; _builder_version=&#8221;4.9.4&#8243; _module_preset=&#8221;default&#8221;][et_pb_image src=&#8221;https:\/\/inspire.vaude.com\/wp-content\/uploads\/2022\/11\/W23_OS_TH_M03_1H_L_d_16.png&#8221; alt=&#8221;Men&#8217;s Valsorda 3in1 Jacket &#8211; Bel\u00fcftung&#8221; title_text=&#8221;Men&#8217;s Valsorda 3in1 Jacket &#8211; Bel\u00fcftung&#8221; _builder_version=&#8221;4.9.4&#8243; _module_preset=&#8221;default&#8221;][\/et_pb_image][\/et_pb_column][et_pb_column type=&#8221;1_2&#8243; _builder_version=&#8221;4.9.4&#8243; _module_preset=&#8221;default&#8221;][et_pb_divider show_divider=&#8221;off&#8221; _builder_version=&#8221;4.9.4&#8243; _module_preset=&#8221;default&#8221; min_height=&#8221;180px&#8221; min_height_tablet=&#8221;60px&#8221; min_height_phone=&#8221;10px&#8221; min_height_last_edited=&#8221;on|desktop&#8221; height=&#8221;180px&#8221; height_tablet=&#8221;60px&#8221; height_phone=&#8221;10px&#8221; height_last_edited=&#8221;on|phone&#8221; max_height=&#8221;180px&#8221; max_height_tablet=&#8221;60px&#8221; max_height_phone=&#8221;10px&#8221; max_height_last_edited=&#8221;on|tablet&#8221; custom_padding=&#8221;||0px|||&#8221;][\/et_pb_divider][et_pb_text _builder_version=&#8221;4.9.4&#8243; _module_preset=&#8221;default&#8221; text_font=&#8221;|700|||||||&#8221; text_font_size=&#8221;45px&#8221; header_2_line_height=&#8221;1.5em&#8221; text_orientation=&#8221;center&#8221; min_height=&#8221;101.8px&#8221; custom_css_main_element_last_edited=&#8221;on|phone&#8221; custom_css_main_element_phone=&#8221;Line-height: 1.5 !important;&#8221; custom_css_main_element_tablet=&#8221;Line-height: 1.5 !important;&#8221;]<\/p>\n<h2 style=\"text-align: center;\"><strong><span style=\"font-size: xx-large;\">Ventilatieopeningen onder de armen en 2-wegrits aan de buitenjas zorgen voor een optimaal lichaamsklimaat.<\/span><\/strong><\/h2>\n<p>[\/et_pb_text][\/et_pb_column][\/et_pb_row][et_pb_row disabled_on=&#8221;off|on|on&#8221; _builder_version=&#8221;4.9.4&#8243; _module_preset=&#8221;default&#8221; custom_padding=&#8221;||5px|||&#8221;][et_pb_column type=&#8221;4_4&#8243; _builder_version=&#8221;4.9.4&#8243; _module_preset=&#8221;default&#8221;][et_pb_divider show_divider=&#8221;off&#8221; disabled_on=&#8221;off|on|on&#8221; _builder_version=&#8221;4.9.4&#8243; _module_preset=&#8221;default&#8221;][\/et_pb_divider][\/et_pb_column][\/et_pb_row][\/et_pb_section][et_pb_section fb_built=&#8221;1&#8243; _builder_version=&#8221;4.9.4&#8243; _module_preset=&#8221;default&#8221; min_height=&#8221;568.7px&#8221; custom_margin=&#8221;||0px|||&#8221; custom_padding=&#8221;||0px|||&#8221;][et_pb_row column_structure=&#8221;1_2,1_2&#8243; _builder_version=&#8221;4.9.4&#8243; _module_preset=&#8221;default&#8221; custom_padding=&#8221;0px|||||&#8221; custom_css_main_element=&#8221;display:flex;||flex-wrap:wrap;&#8221; custom_css_before_last_edited=&#8221;on|phone&#8221; custom_css_main_element_last_edited=&#8221;on|tablet&#8221; custom_css_after_last_edited=&#8221;on|phone&#8221; custom_css_main_element_tablet=&#8221;display:flex;||flex-wrap:wrap;&#8221;][et_pb_column type=&#8221;1_2&#8243; _builder_version=&#8221;4.9.4&#8243; _module_preset=&#8221;default&#8221; custom_css_after=&#8221;order:2;&#8221; custom_css_main_element_last_edited=&#8221;on|phone&#8221; custom_css_main_element_phone=&#8221;order:2;&#8221;][et_pb_divider show_divider=&#8221;off&#8221; _builder_version=&#8221;4.9.4&#8243; _module_preset=&#8221;default&#8221; min_height=&#8221;180px&#8221; min_height_tablet=&#8221;60px&#8221; min_height_phone=&#8221;10px&#8221; min_height_last_edited=&#8221;on|desktop&#8221; height=&#8221;180px&#8221; height_tablet=&#8221;60px&#8221; height_phone=&#8221;10px&#8221; height_last_edited=&#8221;on|phone&#8221; max_height=&#8221;180px&#8221; max_height_tablet=&#8221;60px&#8221; max_height_phone=&#8221;10px&#8221; max_height_last_edited=&#8221;on|tablet&#8221; custom_padding=&#8221;||0px|||&#8221;][\/et_pb_divider][et_pb_text _builder_version=&#8221;4.9.4&#8243; _module_preset=&#8221;default&#8221; header_2_line_height=&#8221;1.5em&#8221;]<\/p>\n<h2 style=\"text-align: center;\"><strong><span style=\"font-size: xx-large;\">De verstelbare kap kan worden aangepast aan elk hoofd.<\/span><\/strong>\u00a0<\/h2>\n<h2><\/h2>\n<p>[\/et_pb_text][\/et_pb_column][et_pb_column type=&#8221;1_2&#8243; _builder_version=&#8221;4.9.4&#8243; _module_preset=&#8221;default&#8221; custom_css_main_element_last_edited=&#8221;on|phone&#8221; custom_css_main_element_phone=&#8221;order:1;&#8221;][et_pb_image src=&#8221;https:\/\/inspire.vaude.com\/wp-content\/uploads\/2022\/11\/W23_OS_TH_M03_1H_L_d_19.png&#8221; alt=&#8221;Men&#8217;s Valsorda 3in1 Jacket &#8211; Kapuze&#8221; title_text=&#8221;Men&#8217;s Valsorda 3in1 Jacket &#8211; Kapuze&#8221; _builder_version=&#8221;4.9.4&#8243; _module_preset=&#8221;default&#8221;][\/et_pb_image][\/et_pb_column][\/et_pb_row][\/et_pb_section][et_pb_section fb_built=&#8221;1&#8243; _builder_version=&#8221;4.9.4&#8243; _module_preset=&#8221;default&#8221; min_height=&#8221;570.3px&#8221; custom_padding=&#8221;0px||0px|||&#8221;][et_pb_row column_structure=&#8221;1_2,1_2&#8243; _builder_version=&#8221;4.9.4&#8243; _module_preset=&#8221;default&#8221;][et_pb_column type=&#8221;1_2&#8243; _builder_version=&#8221;4.9.4&#8243; _module_preset=&#8221;default&#8221;][et_pb_image src=&#8221;https:\/\/inspire.vaude.com\/wp-content\/uploads\/2022\/11\/W23_OS_TH_M03_1H_L_d_27.png&#8221; alt=&#8221;Men&#8217;s Kuro Insulation Halfzip Tricot \u2013 Silikonband&#8221; title_text=&#8221;W23_OS_TH_M03_1H_L_d_27&#8243; _builder_version=&#8221;4.9.4&#8243; _module_preset=&#8221;default&#8221;][\/et_pb_image][\/et_pb_column][et_pb_column type=&#8221;1_2&#8243; _builder_version=&#8221;4.9.4&#8243; _module_preset=&#8221;default&#8221;][et_pb_divider show_divider=&#8221;off&#8221; _builder_version=&#8221;4.9.4&#8243; _module_preset=&#8221;default&#8221; min_height=&#8221;180px&#8221; min_height_tablet=&#8221;60px&#8221; min_height_phone=&#8221;10px&#8221; min_height_last_edited=&#8221;on|desktop&#8221; height=&#8221;180px&#8221; height_tablet=&#8221;60px&#8221; height_phone=&#8221;10px&#8221; height_last_edited=&#8221;on|phone&#8221; max_height=&#8221;180px&#8221; max_height_tablet=&#8221;60px&#8221; max_height_phone=&#8221;10px&#8221; max_height_last_edited=&#8221;on|tablet&#8221; custom_padding=&#8221;||0px|||&#8221;][\/et_pb_divider][et_pb_text _builder_version=&#8221;4.9.4&#8243; _module_preset=&#8221;default&#8221; header_2_line_height=&#8221;1.5em&#8221; custom_css_main_element_last_edited=&#8221;on|phone&#8221;]<\/p>\n<h2 style=\"text-align: center;\"><strong><span style=\"font-size: xx-large;\">Binnenjas met hybride constructie voor veel bewegingsvrijheid en ademend vermogen.<\/span><\/strong><\/h2>\n<p>[\/et_pb_text][\/et_pb_column][\/et_pb_row][\/et_pb_section][et_pb_section fb_built=&#8221;1&#8243; _builder_version=&#8221;4.9.4&#8243; _module_preset=&#8221;default&#8221; min_height=&#8221;568.7px&#8221; custom_margin=&#8221;||0px|||&#8221; custom_padding=&#8221;||0px|||&#8221;][et_pb_row column_structure=&#8221;1_2,1_2&#8243; _builder_version=&#8221;4.9.4&#8243; _module_preset=&#8221;default&#8221; custom_padding=&#8221;0px|||||&#8221; custom_css_main_element=&#8221;display:flex;||flex-wrap:wrap;&#8221; custom_css_before_last_edited=&#8221;on|phone&#8221; custom_css_main_element_last_edited=&#8221;on|tablet&#8221; custom_css_after_last_edited=&#8221;on|phone&#8221; custom_css_main_element_tablet=&#8221;display:flex;||flex-wrap:wrap;&#8221;][et_pb_column type=&#8221;1_2&#8243; _builder_version=&#8221;4.9.4&#8243; _module_preset=&#8221;default&#8221; custom_css_after=&#8221;order:2;&#8221; custom_css_main_element_last_edited=&#8221;on|phone&#8221; custom_css_main_element_phone=&#8221;order:2;&#8221;][et_pb_divider show_divider=&#8221;off&#8221; _builder_version=&#8221;4.9.4&#8243; _module_preset=&#8221;default&#8221; min_height=&#8221;180px&#8221; min_height_tablet=&#8221;60px&#8221; min_height_phone=&#8221;10px&#8221; min_height_last_edited=&#8221;on|desktop&#8221; height=&#8221;180px&#8221; height_tablet=&#8221;60px&#8221; height_phone=&#8221;10px&#8221; height_last_edited=&#8221;on|phone&#8221; max_height=&#8221;180px&#8221; max_height_tablet=&#8221;60px&#8221; max_height_phone=&#8221;10px&#8221; max_height_last_edited=&#8221;on|tablet&#8221; custom_padding=&#8221;||0px|||&#8221;][\/et_pb_divider][et_pb_text _builder_version=&#8221;4.9.4&#8243; _module_preset=&#8221;default&#8221; header_2_line_height=&#8221;1.5em&#8221;]<\/p>\n<h2 style=\"text-align: center;\"><strong><span style=\"font-size: xx-large;\">Opbergruimte in overvloed dankzij twee voorzakken per jas.<\/span><\/strong>\u00a0<\/h2>\n<h2><\/h2>\n<p>[\/et_pb_text][\/et_pb_column][et_pb_column type=&#8221;1_2&#8243; _builder_version=&#8221;4.9.4&#8243; _module_preset=&#8221;default&#8221; custom_css_main_element_last_edited=&#8221;on|phone&#8221; custom_css_main_element_phone=&#8221;order:1;&#8221;][et_pb_image src=&#8221;https:\/\/inspire.vaude.com\/wp-content\/uploads\/2022\/11\/W23_OS_TH_M03_1H_L_d_17.png&#8221; alt=&#8221;Men&#8217;s Valsorda 3in1 Jacket &#8211; Tasche&#8221; title_text=&#8221;Men&#8217;s Valsorda 3in1 Jacket &#8211; Tasche&#8221; _builder_version=&#8221;4.9.4&#8243; _module_preset=&#8221;default&#8221;][\/et_pb_image][\/et_pb_column][\/et_pb_row][\/et_pb_section][et_pb_section fb_built=&#8221;1&#8243; _builder_version=&#8221;4.9.4&#8243; _module_preset=&#8221;default&#8221; custom_padding=&#8221;||0px|||&#8221;][et_pb_row _builder_version=&#8221;4.9.4&#8243; _module_preset=&#8221;default&#8221;][et_pb_column type=&#8221;4_4&#8243; _builder_version=&#8221;4.9.4&#8243; _module_preset=&#8221;default&#8221;][et_pb_text _builder_version=&#8221;4.9.4&#8243; _module_preset=&#8221;default&#8221; header_2_line_height=&#8221;1.5em&#8221; custom_padding=&#8221;||0px|||&#8221;]<\/p>\n<h2 style=\"text-align: center;\"><strong><span style=\"font-size: xx-large;\">Klimaatneutraal en voornamelijk gemaakt van gerecycled polyester.<\/span><\/strong><strong><\/strong><\/h2>\n<p>[\/et_pb_text][et_pb_image src=&#8221;https:\/\/inspire.vaude.com\/wp-content\/uploads\/2022\/10\/ig-ma_recycled_pet.png&#8221; alt=&#8221;Recycled PET&#8221; title_text=&#8221;ig-ma_recycled_pet&#8221; _builder_version=&#8221;4.9.4&#8243; _module_preset=&#8221;default&#8221;][\/et_pb_image][\/et_pb_column][\/et_pb_row][et_pb_row _builder_version=&#8221;4.9.4&#8243; _module_preset=&#8221;default&#8221; custom_padding=&#8221;||0px|||&#8221;][et_pb_column type=&#8221;4_4&#8243; _builder_version=&#8221;4.9.4&#8243; _module_preset=&#8221;default&#8221;][et_pb_divider show_divider=&#8221;off&#8221; _builder_version=&#8221;4.9.4&#8243; _module_preset=&#8221;default&#8221;][\/et_pb_divider][\/et_pb_column][\/et_pb_row][\/et_pb_section][et_pb_section fb_built=&#8221;1&#8243; _builder_version=&#8221;4.9.4&#8243; _module_preset=&#8221;default&#8221;][et_pb_row _builder_version=&#8221;4.9.4&#8243; _module_preset=&#8221;default&#8221;][et_pb_column type=&#8221;4_4&#8243; _builder_version=&#8221;4.9.4&#8243; _module_preset=&#8221;default&#8221;][et_pb_video src=&#8221;https:\/\/www.youtube.com\/watch?v=4E9IPgKTj1o&#038;list=PLbtaTQrJfLEi58O8YtAVtabN8BTrYrQw9&#038;index=17&#8243; _builder_version=&#8221;4.9.4&#8243; _module_preset=&#8221;default&#8221;][\/et_pb_video][\/et_pb_column][\/et_pb_row][\/et_pb_section]<\/p>\n","protected":false},"excerpt":{"rendered":"<p>Men&#8217;s Valsorda 3in1 JacketKleine verpakking, groot toepassingsgebied. De 3in1 jas voor minimalisten.Water- en winddichte 2,5-laags buitenjas houdt regen en sneeuw betrouwbaar buiten.Ventilatieopeningen onder de armen en 2-wegrits aan de buitenjas zorgen voor een optimaal lichaamsklimaat.De verstelbare kap kan worden aangepast aan elk hoofd.\u00a0 Binnenjas met hybride constructie voor veel bewegingsvrijheid en ademend vermogen.Opbergruimte in overvloed [&hellip;]<\/p>\n","protected":false},"author":19,"featured_media":0,"parent":0,"menu_order":0,"comment_status":"closed","ping_status":"closed","template":"","meta":{"_et_pb_use_builder":"on","_et_pb_old_content":"[et_pb_section fb_built=\"1\" _builder_version=\"4.9.4\" _module_preset=\"default\" custom_margin=\"||-30px|||\" custom_padding=\"||0px|||\"][et_pb_row padding_mobile=\"off\" column_padding_mobile=\"on\" _builder_version=\"3.25\" background_size=\"initial\" background_position=\"top_left\" background_repeat=\"repeat\" min_height=\"134px\" custom_css_main_element=\" padding-bottom: 5px;\"][et_pb_column type=\"4_4\" _builder_version=\"3.25\" custom_padding=\"||2px|\" custom_padding__hover=\"|||\"][et_pb_divider show_divider=\"off\" disabled_on=\"on|off|off\" _builder_version=\"4.9.4\" _module_preset=\"default\" custom_padding=\"1px|||||\"][\/et_pb_divider][et_pb_text _builder_version=\"4.9.4\" _module_preset=\"default\" header_line_height=\"1.5em\" custom_margin=\"||41px|||\"]<h1 style=\"text-align: center;\"><strong><span style=\"font-size: xx-large;\">Men's Valsorda 3in1 Jacket<br \/><\/span><\/strong><\/h1>[\/et_pb_text][\/et_pb_column][\/et_pb_row][et_pb_row column_structure=\"1_2,1_2\" _builder_version=\"4.9.4\" _module_preset=\"default\" custom_css_main_element=\"display:flex;||flex-wrap:wrap;\" custom_css_before_last_edited=\"on|phone\"][et_pb_column type=\"1_2\" _builder_version=\"4.9.4\" _module_preset=\"default\"][et_pb_image src=\"https:\/\/inspire.vaude.com\/wp-content\/uploads\/2022\/11\/W23_OS_TH_M03_1H_L_d_22.png\" alt=\"Men's Valsorda 3in1 Jacket - Model\" title_text=\"Men's Valsorda 3in1 Jacket - Model\" _builder_version=\"4.9.4\" _module_preset=\"default\"][\/et_pb_image][\/et_pb_column][et_pb_column type=\"1_2\" _builder_version=\"4.9.4\" _module_preset=\"default\"][et_pb_divider show_divider=\"off\" _builder_version=\"4.9.4\" _module_preset=\"default\" min_height=\"180px\" min_height_tablet=\"60px\" min_height_phone=\"10px\" min_height_last_edited=\"on|desktop\" height=\"180px\" height_tablet=\"60px\" height_phone=\"10px\" height_last_edited=\"on|phone\" max_height=\"180px\" max_height_tablet=\"60px\" max_height_phone=\"10px\" max_height_last_edited=\"on|tablet\" custom_padding=\"||0px|||\"][\/et_pb_divider][et_pb_text _builder_version=\"4.9.4\" _module_preset=\"default\" header_2_line_height=\"1.5em\" custom_css_before_last_edited=\"on|desktop\"]<h2 style=\"text-align: center;\"><strong><span style=\"font-size: xx-large;\">Kleines Packma\u00df, gro\u00dfer Einsatzbereich. Die 3in1 Jacke f\u00fcr Minimalisten.<\/span><span style=\"font-size: xx-large;\"><br \/><\/span><\/strong><\/h2>[\/et_pb_text][\/et_pb_column][\/et_pb_row][et_pb_row column_structure=\"1_2,1_2\" _builder_version=\"4.9.4\" _module_preset=\"default\" custom_padding=\"0px|||||\" custom_css_main_element_last_edited=\"on|tablet\" custom_css_main_element_phone=\"display:flex;||flex-wrap:wrap;\" custom_css_main_element_tablet=\"display:flex;||flex-wrap:wrap;\"][et_pb_column type=\"1_2\" _builder_version=\"4.9.4\" _module_preset=\"default\" custom_css_before_last_edited=\"on|phone\" custom_css_main_element_last_edited=\"on|desktop\" custom_css_main_element_phone=\"order:2;\" custom_css_main_element_tablet=\"order:2;\"][et_pb_divider show_divider=\"off\" _builder_version=\"4.9.4\" _module_preset=\"default\" min_height=\"180px\" min_height_tablet=\"60px\" min_height_phone=\"10px\" min_height_last_edited=\"on|desktop\" height=\"180px\" height_tablet=\"60px\" height_phone=\"10px\" height_last_edited=\"on|phone\" max_height=\"180px\" max_height_tablet=\"60px\" max_height_phone=\"10px\" max_height_last_edited=\"on|tablet\" custom_padding=\"||0px|||\"][\/et_pb_divider][et_pb_text _builder_version=\"4.9.4\" _module_preset=\"default\" header_2_line_height=\"1.5em\" custom_margin=\"||4px|||\" custom_css_main_element_last_edited=\"on|phone\" custom_css_main_element_phone=\"Line-height: 1.5 !important;\" custom_css_main_element_tablet=\"Line-height: 1.5 !important;\"]<h2 style=\"text-align: center;\"><strong><span style=\"font-size: xx-large;\">Wasser- und winddichte 2,5-Lagen-Au\u00dfenjacke h\u00e4lt Regen und Schnee zuverl\u00e4ssig ab.<\/span><\/strong><\/h2>[\/et_pb_text][\/et_pb_column][et_pb_column type=\"1_2\" _builder_version=\"4.9.4\" _module_preset=\"default\" custom_css_before_last_edited=\"on|desktop\" custom_css_main_element_last_edited=\"on|tablet\" custom_css_main_element_phone=\"order:1;\" custom_css_main_element_tablet=\"order:1;\"][et_pb_image src=\"https:\/\/inspire.vaude.com\/wp-content\/uploads\/2022\/11\/W23_OS_TH_M03_1H_L_d_15.png\" alt=\"Men's Valsorda 3in1 Jacket - Wind\" title_text=\"Men's Valsorda 3in1 Jacket - Wind\" _builder_version=\"4.9.4\" _module_preset=\"default\" custom_css_main_element_last_edited=\"on|phone\" custom_css_main_element_phone=\"order:1;\"][\/et_pb_image][\/et_pb_column][\/et_pb_row][\/et_pb_section][et_pb_section fb_built=\"1\" _builder_version=\"4.9.4\" _module_preset=\"default\" min_height=\"650.7px\" custom_padding=\"||0px|||\"][et_pb_row column_structure=\"1_2,1_2\" _builder_version=\"4.9.4\" _module_preset=\"default\" min_height=\"499.9px\" custom_padding=\"||7px|||\" custom_css_main_element_last_edited=\"on|phone\" custom_css_main_element_phone=\"display:flex;||flex-wrap:wrap;\"][et_pb_column type=\"1_2\" _builder_version=\"4.9.4\" _module_preset=\"default\"][et_pb_image src=\"https:\/\/inspire.vaude.com\/wp-content\/uploads\/2022\/11\/W23_OS_TH_M03_1H_L_d_16.png\" alt=\"Men's Valsorda 3in1 Jacket - Bel\u00fcftung\" title_text=\"Men's Valsorda 3in1 Jacket - Bel\u00fcftung\" _builder_version=\"4.9.4\" _module_preset=\"default\"][\/et_pb_image][\/et_pb_column][et_pb_column type=\"1_2\" _builder_version=\"4.9.4\" _module_preset=\"default\"][et_pb_divider show_divider=\"off\" _builder_version=\"4.9.4\" _module_preset=\"default\" min_height=\"180px\" min_height_tablet=\"60px\" min_height_phone=\"10px\" min_height_last_edited=\"on|desktop\" height=\"180px\" height_tablet=\"60px\" height_phone=\"10px\" height_last_edited=\"on|phone\" max_height=\"180px\" max_height_tablet=\"60px\" max_height_phone=\"10px\" max_height_last_edited=\"on|tablet\" custom_padding=\"||0px|||\"][\/et_pb_divider][et_pb_text _builder_version=\"4.9.4\" _module_preset=\"default\" text_font=\"|700|||||||\" text_font_size=\"45px\" header_2_line_height=\"1.5em\" text_orientation=\"center\" min_height=\"101.8px\" custom_css_main_element_last_edited=\"on|phone\" custom_css_main_element_phone=\"Line-height: 1.5 !important;\" custom_css_main_element_tablet=\"Line-height: 1.5 !important;\"]<h2 style=\"text-align: center;\"><strong><span style=\"font-size: xx-large;\">Unterarmbel\u00fcftungen und 2-Wege-Rei\u00dfverschluss der Au\u00dfenjacke sorgen f\u00fcr optimales K\u00f6rperklima.<\/span><\/strong><\/h2>[\/et_pb_text][\/et_pb_column][\/et_pb_row][et_pb_row disabled_on=\"off|on|on\" _builder_version=\"4.9.4\" _module_preset=\"default\" custom_padding=\"||5px|||\"][et_pb_column type=\"4_4\" _builder_version=\"4.9.4\" _module_preset=\"default\"][et_pb_divider show_divider=\"off\" disabled_on=\"off|on|on\" _builder_version=\"4.9.4\" _module_preset=\"default\"][\/et_pb_divider][\/et_pb_column][\/et_pb_row][\/et_pb_section][et_pb_section fb_built=\"1\" _builder_version=\"4.9.4\" _module_preset=\"default\" min_height=\"568.7px\" custom_margin=\"||0px|||\" custom_padding=\"||0px|||\"][et_pb_row column_structure=\"1_2,1_2\" _builder_version=\"4.9.4\" _module_preset=\"default\" custom_padding=\"0px|||||\" custom_css_main_element=\"display:flex;||flex-wrap:wrap;\" custom_css_before_last_edited=\"on|phone\" custom_css_main_element_last_edited=\"on|tablet\" custom_css_after_last_edited=\"on|phone\" custom_css_main_element_tablet=\"display:flex;||flex-wrap:wrap;\"][et_pb_column type=\"1_2\" _builder_version=\"4.9.4\" _module_preset=\"default\" custom_css_after=\"order:2;\" custom_css_main_element_last_edited=\"on|phone\" custom_css_main_element_phone=\"order:2;\"][et_pb_divider show_divider=\"off\" _builder_version=\"4.9.4\" _module_preset=\"default\" min_height=\"180px\" min_height_tablet=\"60px\" min_height_phone=\"10px\" min_height_last_edited=\"on|desktop\" height=\"180px\" height_tablet=\"60px\" height_phone=\"10px\" height_last_edited=\"on|phone\" max_height=\"180px\" max_height_tablet=\"60px\" max_height_phone=\"10px\" max_height_last_edited=\"on|tablet\" custom_padding=\"||0px|||\"][\/et_pb_divider][et_pb_text _builder_version=\"4.9.4\" _module_preset=\"default\" header_2_line_height=\"1.5em\"]<h2 style=\"text-align: center;\"><strong><span style=\"font-size: xx-large;\">Die verstellbare Kapuze l\u00e4sst sich an jeden Kopf anpassen.<\/span><\/strong>\u00a0<\/h2>\r\n<h2><\/h2>[\/et_pb_text][\/et_pb_column][et_pb_column type=\"1_2\" _builder_version=\"4.9.4\" _module_preset=\"default\" custom_css_main_element_last_edited=\"on|phone\" custom_css_main_element_phone=\"order:1;\"][et_pb_image src=\"https:\/\/inspire.vaude.com\/wp-content\/uploads\/2022\/11\/W23_OS_TH_M03_1H_L_d_19.png\" alt=\"Men's Valsorda 3in1 Jacket - Kapuze\" title_text=\"Men's Valsorda 3in1 Jacket - Kapuze\" _builder_version=\"4.9.4\" _module_preset=\"default\"][\/et_pb_image][\/et_pb_column][\/et_pb_row][\/et_pb_section][et_pb_section fb_built=\"1\" _builder_version=\"4.9.4\" _module_preset=\"default\" min_height=\"570.3px\" custom_padding=\"0px||0px|||\"][et_pb_row column_structure=\"1_2,1_2\" _builder_version=\"4.9.4\" _module_preset=\"default\"][et_pb_column type=\"1_2\" _builder_version=\"4.9.4\" _module_preset=\"default\"][et_pb_image src=\"https:\/\/inspire.vaude.com\/wp-content\/uploads\/2022\/11\/W23_OS_TH_M03_1H_L_d_27.png\" alt=\"Men's Kuro Insulation Halfzip Tricot \u2013 Silikonband\" title_text=\"W23_OS_TH_M03_1H_L_d_27\" _builder_version=\"4.9.4\" _module_preset=\"default\"][\/et_pb_image][\/et_pb_column][et_pb_column type=\"1_2\" _builder_version=\"4.9.4\" _module_preset=\"default\"][et_pb_divider show_divider=\"off\" _builder_version=\"4.9.4\" _module_preset=\"default\" min_height=\"180px\" min_height_tablet=\"60px\" min_height_phone=\"10px\" min_height_last_edited=\"on|desktop\" height=\"180px\" height_tablet=\"60px\" height_phone=\"10px\" height_last_edited=\"on|phone\" max_height=\"180px\" max_height_tablet=\"60px\" max_height_phone=\"10px\" max_height_last_edited=\"on|tablet\" custom_padding=\"||0px|||\"][\/et_pb_divider][et_pb_text _builder_version=\"4.9.4\" _module_preset=\"default\" header_2_line_height=\"1.5em\" custom_css_main_element_last_edited=\"on|phone\"]<h2 style=\"text-align: center;\"><strong><span style=\"font-size: xx-large;\">Innenjacke gew\u00e4hrt durch Hybridkonstruktion hohe Bewegungsfreiheit und Atmungsaktivi\u00e4t.<\/span><\/strong><\/h2>[\/et_pb_text][\/et_pb_column][\/et_pb_row][\/et_pb_section][et_pb_section fb_built=\"1\" _builder_version=\"4.9.4\" _module_preset=\"default\" min_height=\"568.7px\" custom_margin=\"||0px|||\" custom_padding=\"||0px|||\"][et_pb_row column_structure=\"1_2,1_2\" _builder_version=\"4.9.4\" _module_preset=\"default\" custom_padding=\"0px|||||\" custom_css_main_element=\"display:flex;||flex-wrap:wrap;\" custom_css_before_last_edited=\"on|phone\" custom_css_main_element_last_edited=\"on|tablet\" custom_css_after_last_edited=\"on|phone\" custom_css_main_element_tablet=\"display:flex;||flex-wrap:wrap;\"][et_pb_column type=\"1_2\" _builder_version=\"4.9.4\" _module_preset=\"default\" custom_css_after=\"order:2;\" custom_css_main_element_last_edited=\"on|phone\" custom_css_main_element_phone=\"order:2;\"][et_pb_divider show_divider=\"off\" _builder_version=\"4.9.4\" _module_preset=\"default\" min_height=\"180px\" min_height_tablet=\"60px\" min_height_phone=\"10px\" min_height_last_edited=\"on|desktop\" height=\"180px\" height_tablet=\"60px\" height_phone=\"10px\" height_last_edited=\"on|phone\" max_height=\"180px\" max_height_tablet=\"60px\" max_height_phone=\"10px\" max_height_last_edited=\"on|tablet\" custom_padding=\"||0px|||\"][\/et_pb_divider][et_pb_text _builder_version=\"4.9.4\" _module_preset=\"default\" header_2_line_height=\"1.5em\"]<h2 style=\"text-align: center;\"><strong><span style=\"font-size: xx-large;\">Stauraum en masse dank jeweils zwei Fronttaschen pro Jacke.<\/span><\/strong>\u00a0<\/h2>\r\n<h2><\/h2>[\/et_pb_text][\/et_pb_column][et_pb_column type=\"1_2\" _builder_version=\"4.9.4\" _module_preset=\"default\" custom_css_main_element_last_edited=\"on|phone\" custom_css_main_element_phone=\"order:1;\"][et_pb_image src=\"https:\/\/inspire.vaude.com\/wp-content\/uploads\/2022\/11\/W23_OS_TH_M03_1H_L_d_17.png\" alt=\"Men's Valsorda 3in1 Jacket - Tasche\" title_text=\"Men's Valsorda 3in1 Jacket - Tasche\" _builder_version=\"4.9.4\" _module_preset=\"default\" hover_enabled=\"0\" sticky_enabled=\"0\"][\/et_pb_image][\/et_pb_column][\/et_pb_row][\/et_pb_section][et_pb_section fb_built=\"1\" _builder_version=\"4.9.4\" _module_preset=\"default\" custom_padding=\"||0px|||\"][et_pb_row _builder_version=\"4.9.4\" _module_preset=\"default\"][et_pb_column type=\"4_4\" _builder_version=\"4.9.4\" _module_preset=\"default\"][et_pb_text _builder_version=\"4.9.4\" _module_preset=\"default\" header_2_line_height=\"1.5em\" custom_padding=\"||0px|||\"]<h2 style=\"text-align: center;\"><strong><span style=\"font-size: xx-large;\">Klimaneutral und \u00fcberwiegend aus recyceltem Polyester hergestellt.<\/span><\/strong><strong><\/strong><\/h2>[\/et_pb_text][et_pb_image src=\"https:\/\/inspire.vaude.com\/wp-content\/uploads\/2022\/10\/ig-ma_recycled_pet.png\" alt=\"Recycled PET\" title_text=\"ig-ma_recycled_pet\" _builder_version=\"4.9.4\" _module_preset=\"default\"][\/et_pb_image][\/et_pb_column][\/et_pb_row][et_pb_row _builder_version=\"4.9.4\" _module_preset=\"default\" custom_padding=\"||0px|||\"][et_pb_column type=\"4_4\" _builder_version=\"4.9.4\" _module_preset=\"default\"][et_pb_divider show_divider=\"off\" _builder_version=\"4.9.4\" _module_preset=\"default\"][\/et_pb_divider][\/et_pb_column][\/et_pb_row][\/et_pb_section][et_pb_section fb_built=\"1\" _builder_version=\"4.9.4\" _module_preset=\"default\"][et_pb_row _builder_version=\"4.9.4\" _module_preset=\"default\"][et_pb_column type=\"4_4\" _builder_version=\"4.9.4\" _module_preset=\"default\"][et_pb_video src=\"https:\/\/www.youtube.com\/watch?v=4E9IPgKTj1o&list=PLbtaTQrJfLEi58O8YtAVtabN8BTrYrQw9&index=17\" _builder_version=\"4.9.4\" _module_preset=\"default\"][\/et_pb_video][\/et_pb_column][\/et_pb_row][\/et_pb_section]","_et_gb_content_width":"","footnotes":""},"class_list":["post-488767","page","type-page","status-publish","hentry"],"_links":{"self":[{"href":"https:\/\/inspire.vaude.com\/nl\/wp-json\/wp\/v2\/pages\/488767","targetHints":{"allow":["GET"]}}],"collection":[{"href":"https:\/\/inspire.vaude.com\/nl\/wp-json\/wp\/v2\/pages"}],"about":[{"href":"https:\/\/inspire.vaude.com\/nl\/wp-json\/wp\/v2\/types\/page"}],"author":[{"embeddable":true,"href":"https:\/\/inspire.vaude.com\/nl\/wp-json\/wp\/v2\/users\/19"}],"replies":[{"embeddable":true,"href":"https:\/\/inspire.vaude.com\/nl\/wp-json\/wp\/v2\/comments?post=488767"}],"version-history":[{"count":0,"href":"https:\/\/inspire.vaude.com\/nl\/wp-json\/wp\/v2\/pages\/488767\/revisions"}],"wp:attachment":[{"href":"https:\/\/inspire.vaude.com\/nl\/wp-json\/wp\/v2\/media?parent=488767"}],"curies":[{"name":"wp","href":"https:\/\/api.w.org\/{rel}","templated":true}]}}